{"id":4118,"date":"2023-05-12T01:43:39","date_gmt":"2023-05-12T04:43:39","guid":{"rendered":"https:\/\/www.admethics.com\/?page_id=4118"},"modified":"2024-01-25T15:21:44","modified_gmt":"2024-01-25T18:21:44","slug":"papers","status":"publish","type":"page","link":"https:\/\/www.admethics.com\/br\/papers\/","title":{"rendered":"Publica\u00e7\u00f5es em Revistas"},"content":{"rendered":"\n<p>Artigos publicados em revista de autoria ou co-autoria de membros do grupo.<\/p>\n\n\n\n<p><strong>2024<\/strong><\/p>\n\n\n\n<div class=\"wp-block-group\"><div class=\"wp-block-group__inner-container is-layout-constrained wp-block-group-is-layout-constrained\">\n<ul class=\"wp-block-list\">\n<li>Aportaciones de la Antropolog\u00eda Trascendental de Leonardo Polo a la \u00c9tica de las Virtudes Neo-Aristot\u00e9lica en la \u00c9tica Empresarial (Artigo dispon\u00edvel em espanhol)<\/li>\n<\/ul>\n\n\n\n<p><a href=\"https:\/\/revistaestudiosfilosoficospolianos.files.wordpress.com\/2024\/01\/revista-12-n.v.pdf\" target=\"_blank\" rel=\"noreferrer noopener\">SERAFIM, Mauricio C.; AMES, M. C. F. D. C. . Aportaciones de la Antropolog\u00eda Trascendental de Leonardo Polo a la \u00c9tica de las Virtudes Neo-Aristot\u00e9lica en la \u00c9tica Empresarial. Revista de Estudios Filos\u00f3ficos Polianos, v. 2, p. 99-117, 2023.<\/a><\/p>\n<\/div><\/div>\n\n\n\n<ul class=\"wp-block-list\">\n<li>Tradition: where MacIntyre meets Hayek to Ground Ethical Governance (Artigo dispon\u00edvel em ingl\u00eas)<\/li>\n<\/ul>\n\n\n\n<p><a href=\"https:\/\/doi.org\/10.15581\/015.XXVII.1.7-33\" target=\"_blank\" rel=\"noreferrer noopener\">FIGUEIREDO DALLA COSTA AMES, M.C., BERTONCINI, A. L. C., JACINTO, E., ZAPPELLINI, M. B. Tradition: where MacIntyre meets Hayek to Ground Ethical Governance. Revista Empresa y Humanismo, v. 27, n.1, pp. 7-33, 2024.<\/a><\/p>\n\n\n\n<p><strong>2023<\/strong><\/p>\n\n\n\n<ul class=\"wp-block-list\">\n<li>A burocracia como inimiga da liberdade (Artigo dispon\u00edvel em portugu\u00eas)<\/li>\n<\/ul>\n\n\n\n<p><a href=\"https:\/\/doi.org\/10.30800\/mises.2022.v10.1492\" target=\"_blank\" rel=\"noreferrer noopener\">FRANZEN, E. N. de M. A burocracia como inimiga da liberdade. <strong>MISES: Interdisciplinary Journal of Philosophy, Law and Economics<\/strong>, S\u00e3o Paulo, v. 10, 2023<\/a>.<\/p>\n\n\n\n<div class=\"wp-block-group\"><div class=\"wp-block-group__inner-container is-layout-constrained wp-block-group-is-layout-constrained\">\n<ul class=\"wp-block-list\">\n<li>Ag\u00eancias reguladoras: desafios no contexto brasileiro (Artigo dispon\u00edvel em portugu\u00eas)<\/li>\n<\/ul>\n\n\n\n<p><a href=\"https:\/\/www.pge.sc.gov.br\/wp-content\/uploads\/2023\/12\/Revista-PGE_2023.pdf\" target=\"_blank\" rel=\"noreferrer noopener\">FRANZEN, E. N.; CAMPESTRINI, G. A. Ag\u00eancias reguladoras: desafios no contexto brasileiro. In: Santa Catarina. Procuradoria-Geral do Estado. Revista da Procuradoria-Geral do Estado, v. 13, n. 1. \u2013 Florian\u00f3polis, SC : Procuradora-Geral do Estado \u2013 PGE\/SC, 2023.<\/a><\/p>\n<\/div><\/div>\n\n\n\n<ul class=\"wp-block-list\">\n<li>Casos M\u00faltiplos de Voluntariado Pr\u00f3-Vida em uma Abordagem \u00c9tica Neoaristot\u00e9lica (Artigo dispon\u00edvel em portugu\u00eas e ingl\u00eas)<\/li>\n<\/ul>\n\n\n\n<p><a href=\"https:\/\/doi.org\/10.1590\/1982-7849rac2022210315.en\" target=\"_blank\" rel=\"noreferrer noopener\">AMES; M. C. F. D. C.; SERAFIM, M. C. Multiple Cases of Pro-life Volunteering in a Neo-Aristotelian Ethical Approach. <strong>RAC. Revista de Administra\u00e7\u00e3o Contempor\u00e2nea,<\/strong> v. 27, p. 1-18, 2023.<\/a><\/p>\n\n\n\n<ul class=\"wp-block-list\">\n<li>Decis\u00e3o \u00e9tica na Administra\u00e7\u00e3o P\u00fablica: perspectivas pr\u00e1ticas a partir da \u00e9tica normativa e descritiva (Artigo dispon\u00edvel em portugu\u00eas)<\/li>\n<\/ul>\n\n\n\n<p><a href=\"https:\/\/doi.org\/10.53706\/gep.v.23.7486\" target=\"_blank\" rel=\"noreferrer noopener\">SANTOS, L. S.; SERAFIM, M. C. . Decis\u00e3o \u00e9tica na Administra\u00e7\u00e3o P\u00fablica: perspectivas pr\u00e1ticas a partir da \u00e9tica normativa e descritiva. <strong>Revista Gest\u00e3o &amp; Planejamento<\/strong>, v. 23, p. 819-835, 2022.<\/a><\/p>\n\n\n\n<ul class=\"wp-block-list\">\n<li>&nbsp;Ethical content in artificial intelligence systems: A demand explained in three critical points&nbsp; (Artigo dispon\u00edvel em ingl\u00eas)<\/li>\n<\/ul>\n\n\n\n<p><a href=\"https:\/\/doi.org\/10.3389\/fpsyg.2023.1074787\" target=\"_blank\" rel=\"noreferrer noopener\">BERTONCINI, A. L. C.; SERAFIM, M. C. Ethical content in artificial intelligence systems: A demand explained in three critical points.&nbsp; <strong>Frontiers in Psychology<\/strong>, Section Organizational Psychology, v. 14, 2023.<\/a> <\/p>\n\n\n\n<ul class=\"wp-block-list\">\n<li>Experi\u00eancia de ensino da \u00e9tica de virtudes em administra\u00e7\u00e3o (Artigo dispon\u00edvel em portugu\u00eas)<\/li>\n<\/ul>\n\n\n\n<p><a title=\"\" href=\"https:\/\/doi.org\/10.21529\/RECADM.2023008\" target=\"_blank\" rel=\"noopener\">CARNEIRO, L. C. da R.; AMES, M. C. F. D. C.; SERAFIM, Mauricio C. Experi\u00eancia de ensino da \u00e9tica de virtudes em administra\u00e7\u00e3o. <strong>RecAdm<\/strong>. v. 22, n. 2, 2023.<\/a><\/p>\n\n\n\n<div class=\"wp-block-group\"><div class=\"wp-block-group__inner-container is-layout-constrained wp-block-group-is-layout-constrained\">\n<ul class=\"wp-block-list\">\n<li>Religion-Spirituality Influences in the Governance of Faith-Based Organizations during the Covid Pandemic (Artigo dispon\u00edvel em ingl\u00eas)<\/li>\n<\/ul>\n\n\n\n<p><a href=\"https:\/\/doi.org\/10.1007\/s11115-023-00704-6\" data-type=\"link\" data-id=\"https:\/\/doi.org\/10.1007\/s11115-023-00704-6\" target=\"_blank\" rel=\"noreferrer noopener\">JACINTO, E., AMES; M. C. F. D. C., SERAFIM, M. C <em>et al.<\/em> Religion-Spirituality Influences in the Governance of Faith-Based Organizations during the Covid Pandemic. <strong>Public Organizational Review<\/strong> (2023).<\/a><\/p>\n<\/div><\/div>\n\n\n\n<p><strong>2022<\/strong><\/p>\n\n\n\n<ul class=\"wp-block-list\">\n<li>An\u00e1lise de Escalas e Medidas de Virtudes Morais: Uma Revis\u00e3o Sistem\u00e1tica (Artigo dispon\u00edvel em portugu\u00eas e ingl\u00eas)<\/li>\n<\/ul>\n\n\n\n<p><a href=\"https:\/\/doi.org\/10.1590\/1982-7849rac2022190379.en\" target=\"_blank\" rel=\"noreferrer noopener\">AMES,&nbsp;M. C. F. D. C.; SERAFIM, M. C.; MARTINS, F. F. An\u00e1lise de Escalas e Medidas de Virtudes Morais: Uma Revis\u00e3o Sistem\u00e1tica.&nbsp;<strong>Revista de Administra\u00e7\u00e3o Contempor\u00e2nea<\/strong>, v. 26, n. 6, early-access on-line publication, e-190379, 2022.<\/a><\/p>\n\n\n\n<div class=\"wp-block-group\"><div class=\"wp-block-group__inner-container is-layout-flow wp-block-group-is-layout-flow\"><\/div><\/div>\n\n\n\n<div class=\"wp-block-group\"><div class=\"wp-block-group__inner-container is-layout-flow wp-block-group-is-layout-flow\">\n<ul class=\"wp-block-list\">\n<li>Dilemas morais e decis\u00f5es \u00e9ticas em tempos de pandemia da Covid-19: Desafios da \u00e1rea de desenvolvimento e gest\u00e3o de pessoas de uma universidade p\u00fablica brasileira (Artigo dispon\u00edvel em portugu\u00eas)<\/li>\n<\/ul>\n\n\n\n<p><a href=\"https:\/\/doi.org\/10.22478\/ufpb.2238-104X.2022v12n1.61402\" target=\"_blank\" rel=\"noreferrer noopener\">SANTOS, L. S.; LEAL, F. G. ; BURIGO, C. C. D. Dilemas morais e decis\u00f5es \u00e9ticas em tempos de pandemia da Covid-19: Desafios da \u00e1rea de desenvolvimento e gest\u00e3o de pessoas de uma universidade p\u00fablica brasileira. <strong>Teoria e Pr\u00e1tica em Administra\u00e7\u00e3o<\/strong>, v. 12, p. 1-12, 2022.<\/a><\/p>\n\n\n\n<ul class=\"wp-block-list\">\n<li>Pol\u00edticas <em>Nudge<\/em> no Contexto da COVID-19: Uma A\u00e7\u00e3o Necess\u00e1ria ou Dilema \u00c9tico? (Artigo dispon\u00edvel em ingl\u00eas)<\/li>\n<\/ul>\n\n\n\n<p><a href=\"https:\/\/doi.org\/10.1590\/1982-7849rac2022210033.en\" target=\"_blank\" rel=\"noreferrer noopener\">CORREA, A. L.; AMES, M. C. F. D. C.; ZAPPELLINI, M. B. Nudge policies in COVID-19 context: A necessary action or ethical dilemma? <strong>RAC. Revista de Administra\u00e7\u00e3o Contempor\u00e2nea<\/strong>. v.26, n. 5, e-210033, &nbsp;2022.<\/a><\/p>\n\n\n\n<ul class=\"wp-block-list\">\n<li><em>Phronesis, <\/em>Julgamento Moral e Processo Decis\u00f3rio \u00c9tico:Viv\u00eancias de Gestores P\u00fablicos da \u00c1rea de Prote\u00e7\u00e3o e Defesa Civil (Artigo dispon\u00edvel em portugu\u00eas e ingl\u00eas)<\/li>\n<\/ul>\n<\/div><\/div>\n\n\n\n<p><a href=\"https:\/\/doi.org\/10.1590\/1984-92302022v29n0017EN\" target=\"_blank\" rel=\"noreferrer noopener\">SANTOS, L. S.; SERAFIM, M.C.&nbsp;<em>Phronesis<\/em>, Moral Judgment, and Ethical Decision Making: Experiences of Public Managers in the Area of Emergency Management. Organ. Soc.&nbsp;<strong>Organiza\u00e7\u00f5es &amp; Sociedade<\/strong>; v.29, n.101, 2022. <\/a><\/p>\n\n\n\n<ul class=\"wp-block-list\">\n<li>Pontua\u00e7\u00f5es nas Din\u00e2micas da Agenda do Aborto no Contexto Brasileiro (Artigo dispon\u00edvel em portugu\u00eas)<\/li>\n<\/ul>\n\n\n\n<p><a href=\"https:\/\/doi.org\/10.21118\/apgs.v14i2.11932\" target=\"_blank\" rel=\"noreferrer noopener\">AMES, M. C. F. D. C.; SERAFIM, M. C.; ZAPPELLINI, M. B. Pontua\u00e7\u00f5es nas Din\u00e2micas da Agenda do Aborto no Contexto Brasileiro. <strong>Administra\u00e7\u00e3o P\u00fablica e Gest\u00e3o Social<\/strong>, v. 14, p. 1-19, 2022.<\/a><\/p>\n\n\n\n<p><strong>2021<\/strong><\/p>\n\n\n\n<div class=\"wp-block-group\"><div class=\"wp-block-group__inner-container is-layout-flow wp-block-group-is-layout-flow\">\n<ul class=\"wp-block-list\">\n<li>Como deliberar quando tudo \u00e9 caos? Dilemas morais e decis\u00f5es \u00e9ticas na gest\u00e3o p\u00fablica de um desastre&nbsp;(Artigo dispon\u00edvel em portugu\u00eas e ingl\u00eas)<\/li>\n<\/ul>\n\n\n\n<p><a href=\"https:\/\/doi.org\/10.11606\/issn.1982-6486.rco.2021.169229\" target=\"_blank\" rel=\"noreferrer noopener\" title=\"\">SANTOS, L. S .; LEBIODA, L.; SERAFIM, M. C. Como deliberar quando tudo \u00e9 caos? Dilemas morais e decis\u00f5es \u00e9ticas na gest\u00e3o p\u00fablica de um desastre.&nbsp;<strong>Revista de Contabilidade e Organiza\u00e7\u00f5es<\/strong>, [S. l.], v. 15, p. e169229, 2021.<\/a> <\/p>\n<\/div><\/div>\n\n\n\n<div class=\"wp-block-group\"><div class=\"wp-block-group__inner-container is-layout-flow wp-block-group-is-layout-flow\">\n<ul class=\"wp-block-list\">\n<li>Din\u00e2micas da agenda do aborto no Senado Federal: de 1988 a outubro de 2020 (Artigo dispon\u00edvel em portugu\u00eas e ingl\u00eas)<\/li>\n<\/ul>\n\n\n\n<p><a href=\"https:\/\/doi.org\/10.1590\/1679-395120200126\" target=\"_blank\" rel=\"noreferrer noopener\">AMES, M. C. F. D. C.; SERAFIM, M. C.; ZAPPELLINI, M. B.; COLONETTI, A. C.&nbsp;&nbsp;Din\u00e2micas da agenda do aborto no Senado Federal: de 1988 a outubro de 2020.&nbsp;<strong>Cadernos EBAPE.BR.&nbsp;<\/strong>v. 19,&nbsp; p. 657-674, 2021.<\/a><\/p>\n\n\n\n<p><strong>2020<\/strong><\/p>\n<\/div><\/div>\n\n\n\n<ul class=\"wp-block-list\">\n<li>Desafios \u00e0 compreens\u00e3o do com\u00e9rcio justo como modelo econ\u00f4mico vi\u00e1vel: um olhar a partir da sociologia econ\u00f4mica para os estudos organizacionais (Artigo dispon\u00edvel em portugu\u00eas)<\/li>\n<\/ul>\n\n\n\n<p><a href=\"http:\/\/dx.doi.org\/10.21714\/2179-8834\/2020v25n1p73-89\" target=\"_blank\" rel=\"noreferrer noopener\">SANTOS, L. S.&nbsp;;SERAFIM, M. C.; PINHEIRO, D. M. Desafios \u00e0 compreens\u00e3o do com\u00e9rcio justo como modelo econ\u00f4mico vi\u00e1vel: um olhar a partir da sociologia econ\u00f4mica para os estudos organizacionais.&nbsp;<strong>REUNA<\/strong>, Belo Horizonte &#8211; MG, Brasil, v.25, n.1, p. 73-89, Jan. \u2013 Mar, 2020.<\/a><a href=\"http:\/\/dx.doi.org\/10.21714\/2179-8834\/2020v25n1p73-89\"> <\/a><\/p>\n\n\n\n<ul class=\"wp-block-list\">\n<li>Dilemas morais da gest\u00e3o p\u00fablica brasileira no enfrentamento da pandemia do novo coronav\u00edrus&nbsp;(Artigo dispon\u00edvel em portugu\u00eas e ingl\u00eas)<\/li>\n<\/ul>\n\n\n\n<p><a href=\"http:\/\/dx.doi.org\/10.1590\/0034-761220200219\" target=\"_blank\" rel=\"noreferrer noopener\">SANTOS, L. S. Dilemas morais&nbsp;&nbsp;da gest\u00e3o&nbsp;&nbsp;p\u00fablica&nbsp;&nbsp;brasileira no enfrentamento da&nbsp;&nbsp;pandemia do novo coronav\u00edrus.&nbsp;<strong>Revista de Administra\u00e7\u00e3o P\u00fablica<\/strong>, Rio de Janeiro, RJ, v. 54, n.4, p. 909\u2013922, 2020. <\/a><\/p>\n\n\n\n<div class=\"wp-block-group\"><div class=\"wp-block-group__inner-container is-layout-flow wp-block-group-is-layout-flow\">\n<ul class=\"wp-block-list\">\n<li><em>Phronesis&nbsp;<\/em>em Administra\u00e7\u00e3o e Organiza\u00e7\u00f5es: uma Revis\u00e3o de Literatura e Agenda de Pesquisa Futura (Artigo dispon\u00edvel em ingl\u00eas)<\/li>\n<\/ul>\n\n\n\n<p><a href=\"https:\/\/doi.org\/10.1111\/beer.12296\" target=\"_blank\" rel=\"noreferrer noopener\">AMES, M. C. F. D. C.; SERAFIM, M. C.; ZAPPELLINI, M. B. Phronesis in Administration and Organizations: a Literature Review and Future Research Agenda.&nbsp;<strong>Business Ethics, Environment &amp; Responsibility<\/strong>. v. 29, p. 65\u201383, 2020.<\/a> <\/p>\n<\/div><\/div>\n\n\n\n<div class=\"wp-block-group\"><div class=\"wp-block-group__inner-container is-layout-flow wp-block-group-is-layout-flow\">\n<ul class=\"wp-block-list\">\n<li>Virtude, Finan\u00e7as e Car\u00e1ter no Contexto da \u00c9tica Empresarial Uma revis\u00e3o Sistem\u00e1tica (Artigo dispon\u00edvel em portugu\u00eas)<\/li>\n<\/ul>\n\n\n\n<p><a href=\"https:\/\/doi.org\/10.21714\/2178-8030gep.v.21.6634\" target=\"_blank\" rel=\"noreferrer noopener\" title=\"\">MARTINS, F. F.; SERAFIM, M. C. Virtude, Finan\u00e7as e Car\u00e1ter no Contexto da \u00c9tica Empresarial: Uma Revis\u00e3o Sistem\u00e1tica.&nbsp;<strong>Revista Gest\u00e3o &amp; Planejamento<\/strong>, v. 21, n. 1, p. 698-714, 2020.<\/a><\/p>\n<\/div><\/div>\n\n\n\n<p><strong>2019<\/strong><\/p>\n\n\n\n<ul class=\"wp-block-list\">\n<li>A contribui\u00e7\u00e3o do ensino de \u00e9tica no desenvolvimento da compet\u00eancia moral de discentes em administra\u00e7\u00e3o p\u00fablica (Artigo dispon\u00edvel em portugu\u00eas)<\/li>\n<\/ul>\n\n\n\n<p><a href=\"https:\/\/doi.org\/10.14507\/epaa.27.4088\" target=\"_blank\" rel=\"noreferrer noopener\">SOUZA, E. S. , SERAFIM, M. C.; SANTOS, L. S. A contribui\u00e7\u00e3o do ensino de \u00e9tica no desenvolvimento da compet\u00eancia moral de discentes em administra\u00e7\u00e3o p\u00fablica. <strong>Arquivos Anal\u00edticos de Pol\u00edticas Educativas<\/strong><em>, <\/em>V. 27, N.104, 2019.<\/a><\/p>\n\n\n\n<ul class=\"wp-block-list\">\n<li>A influ\u00eancia da Filosofia Escol\u00e1stica na Forma\u00e7\u00e3o do Pensamento Econ\u00f4mico&nbsp;(Artigo dispon\u00edvel em portugu\u00eas)<\/li>\n<\/ul>\n\n\n\n<p><a href=\"https:\/\/doi.org\/10.30800\/mises.2019.v7.1111\" target=\"_blank\" rel=\"noreferrer noopener\">DE MELO, G. E. Q The Influence Of Scholastic Philosophy on the Formation of Economic Thought. <strong>MISES: Interdisciplinary Journal of Philosophy, Law and Economics<\/strong>, [S. l.], v. 7, n. 2, 2019.<\/a><\/p>\n\n\n\n<ul class=\"wp-block-list\">\n<li>Bernard Lonergan e Alberto Guerreiro Ramos: di\u00e1logos entre o sujeito existencial e o homem parent\u00e9tico (Artigo dispon\u00edvel em portugu\u00eas)<\/li>\n<\/ul>\n\n\n\n<p><a href=\"https:\/\/doi.org\/10.1590\/1984-9260885\" target=\"_blank\" rel=\"noreferrer noopener\">SANTOS, L. S.; SERAFIM, M. C.; PINHEIRO, D. M. Bernard Lonergan e Alberto Guerreiro Ramos: di\u00e1logos entre o sujeito existencial e o homem parent\u00e9tico.&nbsp;<strong>Organiza\u00e7\u00f5es &amp; Sociedade<\/strong>, [S. l.], v. 26, n. 88, 2019.<\/a><\/p>\n\n\n\n<div class=\"wp-block-group\"><div class=\"wp-block-group__inner-container is-layout-flow wp-block-group-is-layout-flow\">\n<ul class=\"wp-block-list\">\n<li>Desenvolvimento moral e racionalidade nas organiza\u00e7\u00f5es: analisando o defining issues test \u2013 2&nbsp;(Artigo dispon\u00edvel em portugu\u00eas e ingl\u00eas)<\/li>\n<\/ul>\n\n\n\n<p><a href=\"https:\/\/www.revistas.editoraenterprising.net\/index.php\/regmpe\/article\/view\/247\" target=\"_blank\" rel=\"noreferrer noopener\">AMES, M.C.F.D.C., COSTA, A.E., SERAFIM, M.C., PINHEIRO, D.M.; Desenvolvimento moral e racionalidade nas organiza\u00e7\u00f5es: analisando o defining issues test &#8211; 2.&nbsp;<strong>Revista de Empreendedorismo e Gest\u00e3o de Micro e Pequenas Empresas,<\/strong>&nbsp;V.4, No3, p.128-148, Set\/Dez. 2019.<\/a><\/p>\n<\/div><\/div>\n\n\n\n<div class=\"wp-block-group\"><div class=\"wp-block-group__inner-container is-layout-flow wp-block-group-is-layout-flow\">\n<ul class=\"wp-block-list\">\n<li>Ensino-aprendizagem da Sabedoria Pr\u00e1tica (<em>Phronesis<\/em>) em Administra\u00e7\u00e3o: Uma Revis\u00e3o Sistem\u00e1tica&nbsp;(Artigo dispon\u00edvel em portugu\u00eas e ingl\u00eas)<\/li>\n<\/ul>\n\n\n\n<p><a href=\"https:\/\/doi.org\/10.1590\/1982-7849rac2019180301\" target=\"_blank\" rel=\"noreferrer noopener\">AMES, M. C. F. D. C.; SERAFIM, M. C. Ensino-aprendizagem da Sabedoria Pr\u00e1tica (<em>Phronesis<\/em>) em Administra\u00e7\u00e3o: Uma Revis\u00e3o Sistem\u00e1tica.&nbsp;<strong>Revista de Administra\u00e7\u00e3o Contempor\u00e2nea<\/strong>, v. 23, n. 4, p. 564-586, 26 jul. 2019.<\/a><\/p>\n<\/div><\/div>\n\n\n\n<div class=\"wp-block-group\"><div class=\"wp-block-group__inner-container is-layout-flow wp-block-group-is-layout-flow\">\n<p><strong>2018<\/strong><\/p>\n<\/div><\/div>\n\n\n\n<div class=\"wp-block-group\"><div class=\"wp-block-group__inner-container is-layout-flow wp-block-group-is-layout-flow\">\n<ul class=\"wp-block-list\">\n<li>Dilemas Morais na Gest\u00e3o P\u00fablica: o estado do conhecimento sobre o tema (Artigo dispon\u00edvel em portugu\u00eas)<\/li>\n<\/ul>\n\n\n\n<p><a href=\"https:\/\/doi.org\/10.7769\/gesec.v9i1.719\" target=\"_blank\" rel=\"noreferrer noopener\">SANTOS, L. S.; SERAFIM, M. C.; LORENZI, L. Dilemas Morais na Gest\u00e3o P\u00fablica: o estado do conhecimento sobre o tema.&nbsp;<strong>Revista de Gest\u00e3o e Secretariado<\/strong>, [S. l.], v. 9, n. 1, p. 182\u2013207, 2018.<\/a> <\/p>\n<\/div><\/div>\n\n\n\n<div class=\"wp-block-group\"><div class=\"wp-block-group__inner-container is-layout-flow wp-block-group-is-layout-flow\">\n<ul class=\"wp-block-list\">\n<li>Ensino de \u00c9tica em Cursos do Campo de P\u00fablicas: Uma An\u00e1lise a Partir de Projetos Pedag\u00f3gicos de Curso e das Diretrizes Curriculares Nacionais (Artigo&nbsp;dispon\u00edvel&nbsp;em portugu\u00eas)<\/li>\n<\/ul>\n\n\n\n<p><a href=\"https:\/\/doi.org\/10.14507\/epaa.26.3290\" target=\"_blank\" rel=\"noreferrer noopener\">SANTOS, L. S.; SERAFIM, M. C.; ZAPPELLINI, M. B.; ZAPPELLINI, S. M. K. C.; BORGES, M. K. Ensino de \u00c9tica&nbsp;&nbsp;em Cursos do campo de P\u00fablicas: Uma An\u00e1lise a Partir de Projetos&nbsp;&nbsp;Pedag\u00f3gicos de Curso e das Diretrizes&nbsp;&nbsp;Curriculares Nacionais.&nbsp;<strong>Education Policy Analysis Archives<\/strong>,&nbsp;<em>[S. l.]<\/em>, v. 26, p. 18, 2018.&nbsp;<\/a><\/p>\n\n\n\n<ul class=\"wp-block-list\">\n<li>Raz\u00e3o e Administra\u00e7\u00e3o: revisitando alguns elementos fundamentais&nbsp;(Artigo dispon\u00edvel em portugu\u00eas e ingl\u00eas)<\/li>\n<\/ul>\n\n\n\n<p><a href=\"http:\/\/dx.doi.org\/10.1590\/1679-395169791\" target=\"_blank\" rel=\"noreferrer noopener\">SANTOS, L. S.; SERAFIM, M. C.; PINHEIRO, D. M.; AMES, M. C. F. D. C. Raz\u00e3o e Administra\u00e7\u00e3o: revisitando alguns elementos fundamentais.&nbsp;<strong>Cadernos EBAPE<\/strong>. BR, Rio de Janeiro, RJ, v. 17, n. 1, p. 37\u201348, 2018.<\/a><\/p>\n<\/div><\/div>\n\n\n\n<div class=\"wp-block-group\"><div class=\"wp-block-group__inner-container is-layout-flow wp-block-group-is-layout-flow\">\n<ul class=\"wp-block-list\">\n<li>Valores e administra\u00e7\u00e3o p\u00fablica: uma discuss\u00e3o sobre racionalidade e attitude parent\u00e9tica (Artigo&nbsp;dispon\u00edvel&nbsp;em ingl\u00eas)<\/li>\n<\/ul>\n<\/div><\/div>\n\n\n\n<p><a href=\"https:\/\/doi.org\/10.1590\/1678-6971\/eRAMG170136\" target=\"_blank\" rel=\"noreferrer noopener\">SANTOS, L. S.; LEAL, F. G.; SERAFIM, M. C.;&nbsp; MORAES, M. C. B. Values and public administration: A discussion on rationality and parenthetical attitude. <strong>Revista de Administra\u00e7\u00e3o Mackenzie<\/strong>, v.19, n.3, 2018.<\/a><\/p>\n","protected":false},"excerpt":{"rendered":"<p>Artigos publicados em revista de autoria ou co-autoria de membros do grupo. 2024 SERAFIM, Mauricio C.; AMES, M. C. F. D. C. . Aportaciones de la Antropolog\u00eda Trascendental de Leonardo Polo a la \u00c9tica de las Virtudes Neo-Aristot\u00e9lica en la \u00c9tica Empresarial. Revista de Estudios Filos\u00f3ficos Polianos, v. 2, p. 99-117, 2023. FIGUEIREDO DALLA COSTA [&hellip;]<\/p>\n","protected":false},"author":20,"featured_media":0,"parent":0,"menu_order":0,"comment_status":"closed","ping_status":"closed","template":"","meta":{"footnotes":""},"class_list":["post-4118","page","type-page","status-publish","hentry"],"translation":{"provider":"WPGlobus","version":"3.0.2","language":"br","enabled_languages":["en","br"],"languages":{"en":{"title":true,"content":true,"excerpt":false},"br":{"title":true,"content":true,"excerpt":false}}},"blog_post_layout_featured_media_urls":{"thumbnail":"","full":""},"categories_names":null,"comments_number":"0","_links":{"self":[{"href":"https:\/\/www.admethics.com\/br\/wp-json\/wp\/v2\/pages\/4118","targetHints":{"allow":["GET"]}}],"collection":[{"href":"https:\/\/www.admethics.com\/br\/wp-json\/wp\/v2\/pages"}],"about":[{"href":"https:\/\/www.admethics.com\/br\/wp-json\/wp\/v2\/types\/page"}],"author":[{"embeddable":true,"href":"https:\/\/www.admethics.com\/br\/wp-json\/wp\/v2\/users\/20"}],"replies":[{"embeddable":true,"href":"https:\/\/www.admethics.com\/br\/wp-json\/wp\/v2\/comments?post=4118"}],"version-history":[{"count":18,"href":"https:\/\/www.admethics.com\/br\/wp-json\/wp\/v2\/pages\/4118\/revisions"}],"predecessor-version":[{"id":4473,"href":"https:\/\/www.admethics.com\/br\/wp-json\/wp\/v2\/pages\/4118\/revisions\/4473"}],"wp:attachment":[{"href":"https:\/\/www.admethics.com\/br\/wp-json\/wp\/v2\/media?parent=4118"}],"curies":[{"name":"wp","href":"https:\/\/api.w.org\/{rel}","templated":true}]}}